{"id":50,"date":"2025-05-07T11:59:32","date_gmt":"2025-05-07T09:59:32","guid":{"rendered":"https:\/\/jermany.de\/?page_id=50"},"modified":"2025-11-25T17:26:12","modified_gmt":"2025-11-25T16:26:12","slug":"tets","status":"publish","type":"page","link":"https:\/\/jermany.de\/index.php\/tets\/","title":{"rendered":"Qui Sommes Nous ?"},"content":{"rendered":"<p>[et_pb_section fb_built=&#8221;1&#8243; admin_label=&#8221;About&#8221; _builder_version=&#8221;4.27.4&#8243; _module_preset=&#8221;default&#8221; background_color=&#8221;#FFFFFF&#8221; custom_padding=&#8221;17px||18px|||&#8221; border_width_all=&#8221;2px&#8221; border_color_all=&#8221;rgba(0,0,0,0.09)&#8221; locked=&#8221;off&#8221; collapsed=&#8221;on&#8221; global_colors_info=&#8221;{}&#8221;][et_pb_row _builder_version=&#8221;4.25.1&#8243; _module_preset=&#8221;default&#8221; custom_padding=&#8221;||5px|||&#8221; global_colors_info=&#8221;{}&#8221;][et_pb_column type=&#8221;4_4&#8243; _builder_version=&#8221;4.25.1&#8243; _module_preset=&#8221;default&#8221; global_colors_info=&#8221;{}&#8221;][et_pb_heading title=&#8221;Notre Mission et Nos Valeurs&#8221; _builder_version=&#8221;4.27.4&#8243; _module_preset=&#8221;c33f07d9-41e0-421a-8799-5799df695cce&#8221; title_level=&#8221;h1&#8243; title_font=&#8221;Playfair Display|700||on|||||&#8221; title_text_color=&#8221;#000000&#8243; title_font_size=&#8221;38px&#8221; title_font_size_phone=&#8221;33px&#8221; global_colors_info=&#8221;{}&#8221;][\/et_pb_heading][\/et_pb_column][\/et_pb_row][\/et_pb_section][et_pb_section fb_built=&#8221;1&#8243; custom_padding_last_edited=&#8221;on|phone&#8221; admin_label=&#8221;About&#8221; _builder_version=&#8221;4.27.4&#8243; _module_preset=&#8221;default&#8221; custom_margin=&#8221;4px|||||&#8221; custom_padding=&#8221;50px||48px|||&#8221; custom_padding_tablet=&#8221;50px||48px|||&#8221; custom_padding_phone=&#8221;10px||10px||false|false&#8221; locked=&#8221;off&#8221; collapsed=&#8221;on&#8221; global_colors_info=&#8221;{}&#8221;][et_pb_row column_structure=&#8221;3_5,2_5&#8243; _builder_version=&#8221;4.25.1&#8243; _module_preset=&#8221;default&#8221; custom_padding=&#8221;||60px|||&#8221; global_colors_info=&#8221;{}&#8221;][et_pb_column type=&#8221;3_5&#8243; _builder_version=&#8221;4.25.1&#8243; _module_preset=&#8221;default&#8221; global_colors_info=&#8221;{}&#8221;][et_pb_text _builder_version=&#8221;4.27.4&#8243; _module_preset=&#8221;2c55a9c4-feed-423b-9edb-ae0b5b365cac&#8221; link_font=&#8221;|Source Sans Pro_weight|||||||&#8221; link_text_color=&#8221;#22577a&#8221; quote_font=&#8221;Playfair Display|Playfair Display_weight|||||||&#8221; header_font=&#8221;Playfair Display|Playfair Display_weight|||||||&#8221; header_2_font=&#8221;Playfair Display|Playfair Display_weight|||||||&#8221; header_3_font=&#8221;Playfair Display|Playfair Display_weight|||||||&#8221; header_4_font=&#8221;Playfair Display|Playfair Display_weight|||||||&#8221; header_5_font=&#8221;Playfair Display|Playfair Display_weight|||||||&#8221; header_6_font=&#8221;Playfair Display|Playfair Display_weight|||||||&#8221; custom_margin=&#8221;||40px||false|false&#8221; global_colors_info=&#8221;{}&#8221;]<\/p>\n<p>C\u0153urs R\u00e9sistants est une association non religieuse \u00e0 but non lucratif qui lutte contre la pr\u00e9carit\u00e9 et promeut l&#8217;inclusion sociale. Elle propose notamment un soutien alimentaire aux personnes en situation de pr\u00e9carit\u00e9, en toute impartialit\u00e9 et sans discrimination.<\/p>\n<p>Les missions de l\u2019association s\u2019articulent entre trois activit\u00e9s principales : un lieu de r\u00e9pit pour les personnes \u00e0 la rue, des maraudes et la distribution de paniers alimentaires gratuits.<\/p>\n<p>[\/et_pb_text][et_pb_heading title=&#8221;C\u0153urs R\u00e9sistants, un projet d\u2019\u00e9mancipation&#8221; _builder_version=&#8221;4.27.4&#8243; _module_preset=&#8221;ba4a6336-701f-47b8-bf5c-09da0ce28016&#8243; title_font=&#8221;Playfair Display|Playfair Display_weight|||||||&#8221; title_text_color=&#8221;#000000&#8243; custom_margin=&#8221;10px||10px||false|false&#8221; title_font_size_phone=&#8221;23px&#8221; global_colors_info=&#8221;{}&#8221;][\/et_pb_heading][et_pb_text _builder_version=&#8221;4.27.4&#8243; _module_preset=&#8221;2c55a9c4-feed-423b-9edb-ae0b5b365cac&#8221; link_font=&#8221;|Source Sans Pro_weight|||||||&#8221; link_text_color=&#8221;#22577a&#8221; quote_font=&#8221;Playfair Display|Playfair Display_weight|||||||&#8221; header_font=&#8221;Playfair Display|Playfair Display_weight|||||||&#8221; header_2_font=&#8221;Playfair Display|Playfair Display_weight|||||||&#8221; header_3_font=&#8221;Playfair Display|Playfair Display_weight|||||||&#8221; header_4_font=&#8221;Playfair Display|Playfair Display_weight|||||||&#8221; header_5_font=&#8221;Playfair Display|Playfair Display_weight|||||||&#8221; header_6_font=&#8221;Playfair Display|Playfair Display_weight|||||||&#8221; global_colors_info=&#8221;{}&#8221;]<\/p>\n<p>Nous proposons aux personnes aid\u00e9es la possibilit\u00e9 de devenir b\u00e9n\u00e9voles, avec un engagement sans contrainte (adh\u00e9sion libre, pas de fr\u00e9quence minimale). S\u2019investir b\u00e9n\u00e9volement peut alors se pr\u00e9senter comme une \u00e9tape dans la reconstruction des personnes vivant \u00e0 la rue et plus largement dans celle des personnes connaissant des difficult\u00e9s socio-\u00e9conomiques.<\/p>\n<p>[\/et_pb_text][\/et_pb_column][et_pb_column type=&#8221;2_5&#8243; _builder_version=&#8221;4.25.1&#8243; _module_preset=&#8221;default&#8221; global_colors_info=&#8221;{}&#8221;][et_pb_image src=&#8221;http:\/\/jermany.de\/wp-content\/uploads\/2025\/11\/qui-somme-nous.png&#8221; alt=&#8221;C\u0153urs R\u00e9sistants Rennes&#8221; title_text=&#8221;C\u0153urs R\u00e9sistants Rennes&#8221; _builder_version=&#8221;4.27.4&#8243; _module_preset=&#8221;1cc6152f-565c-4c4d-b0c9-cf8c9576c341&#8243; box_shadow_style=&#8221;preset4&#8243; box_shadow_vertical=&#8221;10px&#8221; box_shadow_blur=&#8221;0px&#8221; box_shadow_spread=&#8221;0px&#8221; box_shadow_color=&#8221;#ED4F4D&#8221; global_colors_info=&#8221;{}&#8221;][\/et_pb_image][\/et_pb_column][\/et_pb_row][et_pb_row column_structure=&#8221;2_5,3_5&#8243; _builder_version=&#8221;4.27.4&#8243; _module_preset=&#8221;default&#8221; global_colors_info=&#8221;{}&#8221;][et_pb_column type=&#8221;2_5&#8243; _builder_version=&#8221;4.27.4&#8243; _module_preset=&#8221;default&#8221; global_colors_info=&#8221;{}&#8221;][et_pb_image src=&#8221;http:\/\/jermany.de\/wp-content\/uploads\/2025\/11\/maraudes.png&#8221; alt=&#8221;Maraudes Rennes&#8221; title_text=&#8221;Maraudes Rennes&#8221; _builder_version=&#8221;4.27.4&#8243; _module_preset=&#8221;1cc6152f-565c-4c4d-b0c9-cf8c9576c341&#8243; box_shadow_style=&#8221;preset7&#8243; box_shadow_vertical=&#8221;10px&#8221; box_shadow_blur=&#8221;0px&#8221; box_shadow_spread=&#8221;0px&#8221; box_shadow_color=&#8221;#ED4F4D&#8221; global_colors_info=&#8221;{}&#8221;][\/et_pb_image][\/et_pb_column][et_pb_column type=&#8221;3_5&#8243; _builder_version=&#8221;4.27.4&#8243; _module_preset=&#8221;default&#8221; global_colors_info=&#8221;{}&#8221;][et_pb_text _builder_version=&#8221;4.27.4&#8243; _module_preset=&#8221;2c55a9c4-feed-423b-9edb-ae0b5b365cac&#8221; link_font=&#8221;|Source Sans Pro_weight|||||||&#8221; link_text_color=&#8221;#22577a&#8221; quote_font=&#8221;Playfair Display|Playfair Display_weight|||||||&#8221; header_font=&#8221;Playfair Display|Playfair Display_weight|||||||&#8221; header_2_font=&#8221;Playfair Display|Playfair Display_weight|||||||&#8221; header_3_font=&#8221;Playfair Display|Playfair Display_weight|||||||&#8221; header_4_font=&#8221;Playfair Display|Playfair Display_weight|||||||&#8221; header_5_font=&#8221;Playfair Display|Playfair Display_weight|||||||&#8221; header_6_font=&#8221;Playfair Display|Playfair Display_weight|||||||&#8221; global_colors_info=&#8221;{}&#8221;]<\/p>\n<p>Nous d\u00e9fendons l\u2019id\u00e9e que participer aux activit\u00e9s et au d\u00e9veloppement de notre association permet la mise en action et la reprise de confiance, avec un droit \u00e0 l\u2019erreur accept\u00e9.<\/p>\n<p>Nos d\u00e9cisions sont prises de mani\u00e8re coll\u00e9giale. Chaque jour, on invite les b\u00e9n\u00e9voles \u00e0 s\u2019exprimer lors de temps de discussion. Cette participation \u00e0 la d\u00e9cision favorise l\u2019implication et la capacitation, et nous permet de constamment r\u00e9ajuster nos pratiques aux r\u00e9alit\u00e9s du terrain.<\/p>\n<p>Enfin, les membres du bureau de Coeurs R\u00e9sistants sont \u00e9lus parmi les b\u00e9n\u00e9voles, qui sont ainsi appel\u00e9s \u00e0 prendre part aux grandes orientations de l\u2019association et \u00e0 la repr\u00e9senter publiquement.<\/p>\n<p>[\/et_pb_text][\/et_pb_column][\/et_pb_row][\/et_pb_section][et_pb_section fb_built=&#8221;1&#8243; admin_label=&#8221;About&#8221; _builder_version=&#8221;4.25.1&#8243; _module_preset=&#8221;default&#8221; custom_padding=&#8221;4px||2px|||&#8221; locked=&#8221;off&#8221; collapsed=&#8221;off&#8221; global_colors_info=&#8221;{}&#8221;][et_pb_row column_structure=&#8221;1_4,1_4,1_4,1_4&#8243; use_custom_gutter=&#8221;on&#8221; gutter_width=&#8221;2&#8243; make_equal=&#8221;on&#8221; _builder_version=&#8221;4.27.4&#8243; _module_preset=&#8221;default&#8221; width=&#8221;90%&#8221; max_width=&#8221;1400px&#8221; module_alignment=&#8221;center&#8221; max_height=&#8221;1000px&#8221; global_colors_info=&#8221;{}&#8221;][et_pb_column type=&#8221;1_4&#8243; _builder_version=&#8221;4.27.4&#8243; _module_preset=&#8221;default&#8221; background_color=&#8221;#F26E6C&#8221; custom_padding=&#8221;20px|20px|20px|20px|false|false&#8221; border_radii=&#8221;on|6px|6px|6px|6px&#8221; global_colors_info=&#8221;{}&#8221;][et_pb_text _builder_version=&#8221;4.27.4&#8243; _module_preset=&#8221;default&#8221; text_text_color=&#8221;#FFFFFF&#8221; header_3_text_color=&#8221;#FFFFFF&#8221; text_orientation=&#8221;center&#8221; custom_margin=&#8221;||25px||false|false&#8221; header_3_font_size_phone=&#8221;24px&#8221; global_colors_info=&#8221;{%22gcid-primary-color%22:%91%22link_text_color%22,%22link_text_color%22,%22link_text_color%22%93,%22gcid-heading-color%22:%91%22header_text_color%22,%22header_4_text_color%22,%22header_2_text_color%22,%22header_5_text_color%22,%22header_6_text_color%22,%22quote_text_color%22,%22header_text_color%22,%22header_4_text_color%22,%22header_2_text_color%22,%22header_5_text_color%22,%22header_6_text_color%22,%22quote_text_color%22,%22header_text_color%22,%22header_4_text_color%22,%22header_2_text_color%22,%22header_5_text_color%22,%22header_6_text_color%22,%22quote_text_color%22%93,%22gcid-body-color%22:%91%22text_text_color%22%93,%22gcid-secondary-color%22:%91%22quote_border_color%22,%22quote_border_color%22,%22quote_border_color%22%93}&#8221;]<\/p>\n<h3>Gestion participative<\/h3>\n<p>[\/et_pb_text][et_pb_text _builder_version=&#8221;4.27.4&#8243; _module_preset=&#8221;default&#8221; text_text_color=&#8221;#FFFFFF&#8221; text_font_size=&#8221;18px&#8221; text_orientation=&#8221;center&#8221; global_colors_info=&#8221;{%22gcid-primary-color%22:%91%22link_text_color%22,%22link_text_color%22%93,%22gcid-heading-color%22:%91%22header_text_color%22,%22header_4_text_color%22,%22header_3_text_color%22,%22header_2_text_color%22,%22header_5_text_color%22,%22header_6_text_color%22,%22quote_text_color%22,%22header_text_color%22,%22header_4_text_color%22,%22header_3_text_color%22,%22header_2_text_color%22,%22header_5_text_color%22,%22header_6_text_color%22,%22quote_text_color%22%93,%22gcid-secondary-color%22:%91%22quote_border_color%22,%22quote_border_color%22%93}&#8221;]<\/p>\n<p>L&#8217;association propose \u00e0 chacun.e de s\u2019impliquer b\u00e9n\u00e9volement dans le fonctionnement, le quotidien et le d\u00e9veloppement de C\u0153urs R\u00e9sistants.<\/p>\n<p>[\/et_pb_text][\/et_pb_column][et_pb_column type=&#8221;1_4&#8243; _builder_version=&#8221;4.27.4&#8243; _module_preset=&#8221;default&#8221; background_color=&#8221;#000000&#8243; custom_padding=&#8221;20px|20px|20px|20px|false|false&#8221; border_radii=&#8221;on|6px|6px|6px|6px&#8221; global_colors_info=&#8221;{}&#8221;][et_pb_text _builder_version=&#8221;4.27.4&#8243; _module_preset=&#8221;default&#8221; text_text_color=&#8221;#FFFFFF&#8221; header_3_text_color=&#8221;#FFFFFF&#8221; text_orientation=&#8221;center&#8221; custom_margin=&#8221;||25px||false|false&#8221; header_3_font_size_phone=&#8221;24px&#8221; global_colors_info=&#8221;{%22gcid-primary-color%22:%91%22link_text_color%22,%22link_text_color%22,%22link_text_color%22%93,%22gcid-heading-color%22:%91%22header_text_color%22,%22header_4_text_color%22,%22header_2_text_color%22,%22header_5_text_color%22,%22header_6_text_color%22,%22quote_text_color%22,%22header_text_color%22,%22header_4_text_color%22,%22header_2_text_color%22,%22header_5_text_color%22,%22header_6_text_color%22,%22quote_text_color%22,%22header_text_color%22,%22header_4_text_color%22,%22header_2_text_color%22,%22header_5_text_color%22,%22header_6_text_color%22,%22quote_text_color%22%93,%22gcid-body-color%22:%91%22text_text_color%22%93,%22gcid-secondary-color%22:%91%22quote_border_color%22,%22quote_border_color%22,%22quote_border_color%22%93}&#8221;]<\/p>\n<h3>Non stigmatisation<\/h3>\n<p>[\/et_pb_text][et_pb_text _builder_version=&#8221;4.27.4&#8243; _module_preset=&#8221;default&#8221; text_text_color=&#8221;#FFFFFF&#8221; text_font_size=&#8221;18px&#8221; text_orientation=&#8221;center&#8221; global_colors_info=&#8221;{%22gcid-primary-color%22:%91%22link_text_color%22,%22link_text_color%22%93,%22gcid-heading-color%22:%91%22header_text_color%22,%22header_4_text_color%22,%22header_3_text_color%22,%22header_2_text_color%22,%22header_5_text_color%22,%22header_6_text_color%22,%22quote_text_color%22,%22header_text_color%22,%22header_4_text_color%22,%22header_3_text_color%22,%22header_2_text_color%22,%22header_5_text_color%22,%22header_6_text_color%22,%22quote_text_color%22%93,%22gcid-secondary-color%22:%91%22quote_border_color%22,%22quote_border_color%22%93}&#8221;]<\/p>\n<p>L&#8217;association soutient toute personne en exprimant le besoin et ne demande aucun justificatif.<\/p>\n<p>[\/et_pb_text][\/et_pb_column][et_pb_column type=&#8221;1_4&#8243; _builder_version=&#8221;4.27.4&#8243; _module_preset=&#8221;default&#8221; background_color=&#8221;#ED4F4D&#8221; custom_padding=&#8221;20px|20px|20px|20px|false|false&#8221; border_radii=&#8221;on|6px|6px|6px|6px&#8221; global_colors_info=&#8221;{}&#8221;][et_pb_text _builder_version=&#8221;4.27.4&#8243; _module_preset=&#8221;default&#8221; text_text_color=&#8221;#FFFFFF&#8221; header_3_text_color=&#8221;#FFFFFF&#8221; text_orientation=&#8221;center&#8221; custom_margin=&#8221;||25px||false|false&#8221; header_3_font_size_phone=&#8221;24px&#8221; global_colors_info=&#8221;{%22gcid-primary-color%22:%91%22link_text_color%22,%22link_text_color%22,%22link_text_color%22%93,%22gcid-heading-color%22:%91%22header_text_color%22,%22header_4_text_color%22,%22header_2_text_color%22,%22header_5_text_color%22,%22header_6_text_color%22,%22quote_text_color%22,%22header_text_color%22,%22header_4_text_color%22,%22header_2_text_color%22,%22header_5_text_color%22,%22header_6_text_color%22,%22quote_text_color%22,%22header_text_color%22,%22header_4_text_color%22,%22header_2_text_color%22,%22header_5_text_color%22,%22header_6_text_color%22,%22quote_text_color%22%93,%22gcid-body-color%22:%91%22text_text_color%22%93,%22gcid-secondary-color%22:%91%22quote_border_color%22,%22quote_border_color%22,%22quote_border_color%22%93}&#8221;]<\/p>\n<h3>Antigaspillage<\/h3>\n<p>[\/et_pb_text][et_pb_text _builder_version=&#8221;4.27.4&#8243; _module_preset=&#8221;default&#8221; text_text_color=&#8221;#FFFFFF&#8221; text_font_size=&#8221;18px&#8221; text_orientation=&#8221;center&#8221; global_colors_info=&#8221;{%22gcid-primary-color%22:%91%22link_text_color%22,%22link_text_color%22%93,%22gcid-heading-color%22:%91%22header_text_color%22,%22header_4_text_color%22,%22header_3_text_color%22,%22header_2_text_color%22,%22header_5_text_color%22,%22header_6_text_color%22,%22quote_text_color%22,%22header_text_color%22,%22header_4_text_color%22,%22header_3_text_color%22,%22header_2_text_color%22,%22header_5_text_color%22,%22header_6_text_color%22,%22quote_text_color%22%93,%22gcid-secondary-color%22:%91%22quote_border_color%22,%22quote_border_color%22%93}&#8221;]<\/p>\n<p>L&#8217;association collecte des denr\u00e9es alimentaires invendues et d&#8217;autres produits qu&#8217;elle redistribue en int\u00e9gralit\u00e9 et gratuitement.<\/p>\n<p>[\/et_pb_text][\/et_pb_column][et_pb_column type=&#8221;1_4&#8243; _builder_version=&#8221;4.27.4&#8243; _module_preset=&#8221;default&#8221; background_color=&#8221;#952E2C&#8221; custom_padding=&#8221;20px|20px|20px|20px|false|false&#8221; border_radii=&#8221;on|6px|6px|6px|6px&#8221; global_colors_info=&#8221;{}&#8221;][et_pb_text _builder_version=&#8221;4.27.4&#8243; _module_preset=&#8221;default&#8221; text_text_color=&#8221;#FFFFFF&#8221; header_3_text_color=&#8221;#FFFFFF&#8221; text_orientation=&#8221;center&#8221; custom_margin=&#8221;||25px||false|false&#8221; header_3_font_size_phone=&#8221;24px&#8221; global_colors_info=&#8221;{%22gcid-primary-color%22:%91%22link_text_color%22,%22link_text_color%22,%22link_text_color%22%93,%22gcid-heading-color%22:%91%22header_text_color%22,%22header_4_text_color%22,%22header_2_text_color%22,%22header_5_text_color%22,%22header_6_text_color%22,%22quote_text_color%22,%22header_text_color%22,%22header_4_text_color%22,%22header_2_text_color%22,%22header_5_text_color%22,%22header_6_text_color%22,%22quote_text_color%22,%22header_text_color%22,%22header_4_text_color%22,%22header_2_text_color%22,%22header_5_text_color%22,%22header_6_text_color%22,%22quote_text_color%22%93,%22gcid-body-color%22:%91%22text_text_color%22%93,%22gcid-secondary-color%22:%91%22quote_border_color%22,%22quote_border_color%22,%22quote_border_color%22%93}&#8221;]<\/p>\n<h3>Convivialit\u00e9<\/h3>\n<p>[\/et_pb_text][et_pb_text _builder_version=&#8221;4.27.4&#8243; _module_preset=&#8221;default&#8221; text_text_color=&#8221;#FFFFFF&#8221; text_font_size=&#8221;18px&#8221; text_orientation=&#8221;center&#8221; global_colors_info=&#8221;{%22gcid-primary-color%22:%91%22link_text_color%22,%22link_text_color%22%93,%22gcid-heading-color%22:%91%22header_text_color%22,%22header_4_text_color%22,%22header_3_text_color%22,%22header_2_text_color%22,%22header_5_text_color%22,%22header_6_text_color%22,%22quote_text_color%22,%22header_text_color%22,%22header_4_text_color%22,%22header_3_text_color%22,%22header_2_text_color%22,%22header_5_text_color%22,%22header_6_text_color%22,%22quote_text_color%22%93,%22gcid-secondary-color%22:%91%22quote_border_color%22,%22quote_border_color%22%93}&#8221;]<\/p>\n<p>L&#8217;association promeut l&#8217;entraide, le respect et le partage. Elle veut rester un lieu accueillant et s\u00e9curisant o\u00f9 chacun doit se sentir le bienvenu.<\/p>\n<p>[\/et_pb_text][\/et_pb_column][\/et_pb_row][\/et_pb_section][et_pb_section fb_built=&#8221;1&#8243; custom_padding_last_edited=&#8221;on|desktop&#8221; admin_label=&#8221;Timeline&#8221; _builder_version=&#8221;4.27.4&#8243; _module_preset=&#8221;default&#8221; custom_padding=&#8221;52px||||false|false&#8221; custom_padding_tablet=&#8221;52px||||false|false&#8221; custom_padding_phone=&#8221;52px||||false|false&#8221; hover_enabled=&#8221;0&#8243; locked=&#8221;off&#8221; collapsed=&#8221;on&#8221; global_colors_info=&#8221;{}&#8221; module_id=&#8221;histoire&#8221; module_class=&#8221;histoire&#8221; sticky_enabled=&#8221;0&#8243;][et_pb_row _builder_version=&#8221;4.18.0&#8243; _module_preset=&#8221;5138c454-be54-4233-bd3b-f8e6a8747976&#8243; locked=&#8221;off&#8221; global_colors_info=&#8221;{}&#8221;][et_pb_column type=&#8221;4_4&#8243; _builder_version=&#8221;4.18.0&#8243; _module_preset=&#8221;73121f80-a3ef-4484-8763-c3f18e3c56d2&#8243; global_colors_info=&#8221;{}&#8221;][et_pb_heading title=&#8221;Notre Histoire&#8221; _builder_version=&#8221;4.27.4&#8243; _module_preset=&#8221;c33f07d9-41e0-421a-8799-5799df695cce&#8221; title_font=&#8221;Playfair Display|Playfair Display_weight|||||||&#8221; title_text_color=&#8221;#000000&#8243; custom_margin=&#8221;10px||10px||false|false&#8221; title_font_size_tablet=&#8221;&#8221; title_font_size_phone=&#8221;32px&#8221; title_font_size_last_edited=&#8221;on|desktop&#8221; locked=&#8221;off&#8221; global_colors_info=&#8221;{}&#8221;][\/et_pb_heading][\/et_pb_column][\/et_pb_row][et_pb_row column_structure=&#8221;2_5,3_5&#8243; make_equal=&#8221;on&#8221; _builder_version=&#8221;4.24.0&#8243; _module_preset=&#8221;5138c454-be54-4233-bd3b-f8e6a8747976&#8243; global_colors_info=&#8221;{}&#8221;][et_pb_column type=&#8221;2_5&#8243; _builder_version=&#8221;4.18.0&#8243; _module_preset=&#8221;73121f80-a3ef-4484-8763-c3f18e3c56d2&#8243; custom_padding=&#8221;20px||||false|false&#8221; border_color_all=&#8221;rgba(0,0,0,0.08)&#8221; border_width_top=&#8221;2px&#8221; global_colors_info=&#8221;{}&#8221;][et_pb_heading title=&#8221;2015&#8243; _builder_version=&#8221;4.27.4&#8243; _module_preset=&#8221;ba4a6336-701f-47b8-bf5c-09da0ce28016&#8243; title_font=&#8221;Playfair Display|Playfair Display_weight|||||||&#8221; title_text_align=&#8221;right&#8221; title_text_color=&#8221;#ED4F4D&#8221; title_text_align_tablet=&#8221;left&#8221; title_text_align_phone=&#8221;left&#8221; title_text_align_last_edited=&#8221;on|tablet&#8221; locked=&#8221;off&#8221; global_colors_info=&#8221;{}&#8221;][\/et_pb_heading][et_pb_heading title=&#8221;D\u00e9but des Maraudes&#8221; _builder_version=&#8221;4.27.4&#8243; _module_preset=&#8221;a3805066-8711-43c7-9f62-5782da0e9f7a&#8221; title_font=&#8221;Playfair Display|Playfair Display_weight|||||||&#8221; title_text_align=&#8221;right&#8221; title_text_align_tablet=&#8221;left&#8221; title_text_align_phone=&#8221;left&#8221; title_text_align_last_edited=&#8221;on|tablet&#8221; locked=&#8221;off&#8221; global_colors_info=&#8221;{}&#8221;][\/et_pb_heading][\/et_pb_column][et_pb_column type=&#8221;3_5&#8243; _builder_version=&#8221;4.18.0&#8243; _module_preset=&#8221;73121f80-a3ef-4484-8763-c3f18e3c56d2&#8243; global_colors_info=&#8221;{}&#8221;][et_pb_text _builder_version=&#8221;4.24.3&#8243; _module_preset=&#8221;2c55a9c4-feed-423b-9edb-ae0b5b365cac&#8221; link_font=&#8221;|Source Sans Pro_weight|||||||&#8221; link_text_color=&#8221;#22577a&#8221; quote_font=&#8221;Playfair Display|Playfair Display_weight|||||||&#8221; header_font=&#8221;Playfair Display|Playfair Display_weight|||||||&#8221; header_2_font=&#8221;Playfair Display|Playfair Display_weight|||||||&#8221; header_3_font=&#8221;Playfair Display|Playfair Display_weight|||||||&#8221; header_4_font=&#8221;Playfair Display|Playfair Display_weight|||||||&#8221; header_5_font=&#8221;Playfair Display|Playfair Display_weight|||||||&#8221; header_6_font=&#8221;Playfair Display|Playfair Display_weight|||||||&#8221; locked=&#8221;off&#8221; global_colors_info=&#8221;{}&#8221;]<\/p>\n<p>En r\u00e9ponse aux besoins exprim\u00e9s par les personnes \u00e0 la rue, mise en place de maraudes deux soirs par semaine dans le centre-ville de Rennes.<\/p>\n<p>[\/et_pb_text][\/et_pb_column][\/et_pb_row][et_pb_row column_structure=&#8221;2_5,3_5&#8243; make_equal=&#8221;on&#8221; _builder_version=&#8221;4.24.0&#8243; _module_preset=&#8221;5138c454-be54-4233-bd3b-f8e6a8747976&#8243; global_colors_info=&#8221;{}&#8221;][et_pb_column type=&#8221;2_5&#8243; _builder_version=&#8221;4.18.0&#8243; _module_preset=&#8221;73121f80-a3ef-4484-8763-c3f18e3c56d2&#8243; custom_padding=&#8221;20px||||false|false&#8221; border_color_all=&#8221;rgba(0,0,0,0.08)&#8221; border_width_top=&#8221;2px&#8221; global_colors_info=&#8221;{}&#8221;][et_pb_heading title=&#8221;2016&#8243; _builder_version=&#8221;4.24.3&#8243; _module_preset=&#8221;ba4a6336-701f-47b8-bf5c-09da0ce28016&#8243; title_font=&#8221;Playfair Display|Playfair Display_weight|||||||&#8221; title_text_align=&#8221;right&#8221; title_text_color=&#8221;#ED4F4D&#8221; title_text_align_tablet=&#8221;left&#8221; title_text_align_phone=&#8221;left&#8221; title_text_align_last_edited=&#8221;on|tablet&#8221; locked=&#8221;off&#8221; global_colors_info=&#8221;{%22#22577a%22:%91%22title_text_color%22%93}&#8221;][\/et_pb_heading][et_pb_heading title=&#8221;Distribution de paniers alimentaires gratuits&#8221; _builder_version=&#8221;4.27.4&#8243; _module_preset=&#8221;a3805066-8711-43c7-9f62-5782da0e9f7a&#8221; title_font=&#8221;Playfair Display|Playfair Display_weight|||||||&#8221; title_text_align=&#8221;right&#8221; title_text_align_tablet=&#8221;left&#8221; title_text_align_phone=&#8221;left&#8221; title_text_align_last_edited=&#8221;on|tablet&#8221; locked=&#8221;off&#8221; global_colors_info=&#8221;{}&#8221;][\/et_pb_heading][\/et_pb_column][et_pb_column type=&#8221;3_5&#8243; _builder_version=&#8221;4.18.0&#8243; _module_preset=&#8221;73121f80-a3ef-4484-8763-c3f18e3c56d2&#8243; global_colors_info=&#8221;{}&#8221;][et_pb_text _builder_version=&#8221;4.27.4&#8243; _module_preset=&#8221;2c55a9c4-feed-423b-9edb-ae0b5b365cac&#8221; link_font=&#8221;|Source Sans Pro_weight|||||||&#8221; link_text_color=&#8221;#22577a&#8221; quote_font=&#8221;Playfair Display|Playfair Display_weight|||||||&#8221; header_font=&#8221;Playfair Display|Playfair Display_weight|||||||&#8221; header_2_font=&#8221;Playfair Display|Playfair Display_weight|||||||&#8221; header_3_font=&#8221;Playfair Display|Playfair Display_weight|||||||&#8221; header_4_font=&#8221;Playfair Display|Playfair Display_weight|||||||&#8221; header_5_font=&#8221;Playfair Display|Playfair Display_weight|||||||&#8221; header_6_font=&#8221;Playfair Display|Playfair Display_weight|||||||&#8221; locked=&#8221;off&#8221; global_colors_info=&#8221;{}&#8221;]<\/p>\n<p>D\u00e9p\u00f4t des statuts de l\u2019association en Pr\u00e9fecture. \u200b Signature d\u2019un partenariat avec l\u2019entreprise Ph\u00e9nix afin de r\u00e9cup\u00e9rer les invendus alimentaires.<\/p>\n<p>Installation dans des locaux associatifs au centre-ville de Rennes, au 19 rue Legraverend.\u00a0Mise en place d\u2019une distribution quotidienne de paniers alimentaires gratuits.<\/p>\n<p>[\/et_pb_text][\/et_pb_column][\/et_pb_row][et_pb_row column_structure=&#8221;2_5,3_5&#8243; make_equal=&#8221;on&#8221; _builder_version=&#8221;4.24.0&#8243; _module_preset=&#8221;5138c454-be54-4233-bd3b-f8e6a8747976&#8243; global_colors_info=&#8221;{}&#8221;][et_pb_column type=&#8221;2_5&#8243; _builder_version=&#8221;4.18.0&#8243; _module_preset=&#8221;73121f80-a3ef-4484-8763-c3f18e3c56d2&#8243; custom_padding=&#8221;20px||||false|false&#8221; border_color_all=&#8221;rgba(0,0,0,0.08)&#8221; border_width_top=&#8221;2px&#8221; global_colors_info=&#8221;{}&#8221;][et_pb_heading title=&#8221;2017&#8243; _builder_version=&#8221;4.24.3&#8243; _module_preset=&#8221;ba4a6336-701f-47b8-bf5c-09da0ce28016&#8243; title_font=&#8221;Playfair Display|Playfair Display_weight|||||||&#8221; title_text_align=&#8221;right&#8221; title_text_color=&#8221;#ED4F4D&#8221; title_text_align_tablet=&#8221;left&#8221; title_text_align_phone=&#8221;left&#8221; title_text_align_last_edited=&#8221;on|tablet&#8221; locked=&#8221;off&#8221; global_colors_info=&#8221;{%22#22577a%22:%91%22title_text_color%22%93}&#8221;][\/et_pb_heading][et_pb_heading title=&#8221;Projet Laur\u00e9at&#8221; _builder_version=&#8221;4.24.2&#8243; _module_preset=&#8221;a3805066-8711-43c7-9f62-5782da0e9f7a&#8221; title_font=&#8221;Playfair Display|Playfair Display_weight|||||||&#8221; title_text_align=&#8221;right&#8221; title_text_align_tablet=&#8221;left&#8221; title_text_align_phone=&#8221;left&#8221; title_text_align_last_edited=&#8221;on|tablet&#8221; locked=&#8221;off&#8221; global_colors_info=&#8221;{}&#8221;][\/et_pb_heading][\/et_pb_column][et_pb_column type=&#8221;3_5&#8243; _builder_version=&#8221;4.18.0&#8243; _module_preset=&#8221;73121f80-a3ef-4484-8763-c3f18e3c56d2&#8243; global_colors_info=&#8221;{}&#8221;][et_pb_text _builder_version=&#8221;4.27.4&#8243; _module_preset=&#8221;2c55a9c4-feed-423b-9edb-ae0b5b365cac&#8221; link_font=&#8221;|Source Sans Pro_weight|||||||&#8221; link_text_color=&#8221;#22577a&#8221; quote_font=&#8221;Playfair Display|Playfair Display_weight|||||||&#8221; header_font=&#8221;Playfair Display|Playfair Display_weight|||||||&#8221; header_2_font=&#8221;Playfair Display|Playfair Display_weight|||||||&#8221; header_3_font=&#8221;Playfair Display|Playfair Display_weight|||||||&#8221; header_4_font=&#8221;Playfair Display|Playfair Display_weight|||||||&#8221; header_5_font=&#8221;Playfair Display|Playfair Display_weight|||||||&#8221; header_6_font=&#8221;Playfair Display|Playfair Display_weight|||||||&#8221; locked=&#8221;off&#8221; global_colors_info=&#8221;{}&#8221;]<\/p>\n<p>D\u00e9p\u00f4t du projet Les Glaneurs Rennais, laur\u00e9at du deuxi\u00e8me budget participatif de la Ville de Rennes.<\/p>\n<p>[\/et_pb_text][\/et_pb_column][\/et_pb_row][et_pb_row column_structure=&#8221;2_5,3_5&#8243; make_equal=&#8221;on&#8221; _builder_version=&#8221;4.24.0&#8243; _module_preset=&#8221;5138c454-be54-4233-bd3b-f8e6a8747976&#8243; global_colors_info=&#8221;{}&#8221;][et_pb_column type=&#8221;2_5&#8243; _builder_version=&#8221;4.18.0&#8243; _module_preset=&#8221;73121f80-a3ef-4484-8763-c3f18e3c56d2&#8243; custom_padding=&#8221;20px||||false|false&#8221; border_color_all=&#8221;rgba(0,0,0,0.08)&#8221; border_width_top=&#8221;2px&#8221; global_colors_info=&#8221;{}&#8221;][et_pb_heading title=&#8221;2018&#8243; _builder_version=&#8221;4.24.3&#8243; _module_preset=&#8221;ba4a6336-701f-47b8-bf5c-09da0ce28016&#8243; title_font=&#8221;Playfair Display|Playfair Display_weight|||||||&#8221; title_text_align=&#8221;right&#8221; title_text_color=&#8221;#ED4F4D&#8221; title_text_align_tablet=&#8221;left&#8221; title_text_align_phone=&#8221;left&#8221; title_text_align_last_edited=&#8221;on|tablet&#8221; locked=&#8221;off&#8221; global_colors_info=&#8221;{%22#22577a%22:%91%22title_text_color%22%93}&#8221;][\/et_pb_heading][et_pb_heading title=&#8221;\u00c9picerie Gratuite de Rennes 2&#8243; _builder_version=&#8221;4.27.4&#8243; _module_preset=&#8221;a3805066-8711-43c7-9f62-5782da0e9f7a&#8221; title_font=&#8221;Playfair Display|Playfair Display_weight|||||||&#8221; title_text_align=&#8221;right&#8221; title_text_align_tablet=&#8221;left&#8221; title_text_align_phone=&#8221;left&#8221; title_text_align_last_edited=&#8221;on|tablet&#8221; locked=&#8221;off&#8221; global_colors_info=&#8221;{}&#8221;][\/et_pb_heading][\/et_pb_column][et_pb_column type=&#8221;3_5&#8243; _builder_version=&#8221;4.18.0&#8243; _module_preset=&#8221;73121f80-a3ef-4484-8763-c3f18e3c56d2&#8243; global_colors_info=&#8221;{}&#8221;][et_pb_text _builder_version=&#8221;4.24.2&#8243; _module_preset=&#8221;2c55a9c4-feed-423b-9edb-ae0b5b365cac&#8221; locked=&#8221;off&#8221; global_colors_info=&#8221;{}&#8221;]<\/p>\n<p>Achat d\u2019un v\u00e9hicule gr\u00e2ce aux dons des particuliers amass\u00e9s lors d\u2019une collecte de fonds. \u200b<\/p>\n<p>Impulsion et contribution \u00e0 la mise en oeuvre du projet de l&#8217;\u00c9picerie Gratuite de Rennes 2 \u00e0 destination des \u00e9tudiants, en partenariat avec l\u2019Universit\u00e9.<\/p>\n<p>[\/et_pb_text][\/et_pb_column][\/et_pb_row][et_pb_row column_structure=&#8221;2_5,3_5&#8243; make_equal=&#8221;on&#8221; _builder_version=&#8221;4.27.4&#8243; _module_preset=&#8221;5138c454-be54-4233-bd3b-f8e6a8747976&#8243; global_colors_info=&#8221;{}&#8221;][et_pb_column type=&#8221;2_5&#8243; _builder_version=&#8221;4.18.0&#8243; _module_preset=&#8221;73121f80-a3ef-4484-8763-c3f18e3c56d2&#8243; custom_padding=&#8221;20px||||false|false&#8221; border_color_all=&#8221;rgba(0,0,0,0.08)&#8221; border_width_top=&#8221;2px&#8221; global_colors_info=&#8221;{}&#8221;][et_pb_heading title=&#8221;2019&#8243; _builder_version=&#8221;4.27.4&#8243; _module_preset=&#8221;ba4a6336-701f-47b8-bf5c-09da0ce28016&#8243; title_font=&#8221;Playfair Display|Playfair Display_weight|||||||&#8221; title_text_align=&#8221;right&#8221; title_text_color=&#8221;#ED4F4D&#8221; title_text_align_tablet=&#8221;left&#8221; title_text_align_phone=&#8221;left&#8221; title_text_align_last_edited=&#8221;on|tablet&#8221; locked=&#8221;off&#8221; global_colors_info=&#8221;{%22#22577a%22:%91%22title_text_color%22%93}&#8221;][\/et_pb_heading][et_pb_heading title=&#8221;200 repas distribu\u00e9s par jour&#8221; _builder_version=&#8221;4.27.4&#8243; _module_preset=&#8221;a3805066-8711-43c7-9f62-5782da0e9f7a&#8221; title_font=&#8221;Playfair Display|Playfair Display_weight|||||||&#8221; title_text_align=&#8221;right&#8221; title_text_align_tablet=&#8221;left&#8221; title_text_align_phone=&#8221;left&#8221; title_text_align_last_edited=&#8221;on|tablet&#8221; locked=&#8221;off&#8221; global_colors_info=&#8221;{}&#8221;][\/et_pb_heading][\/et_pb_column][et_pb_column type=&#8221;3_5&#8243; _builder_version=&#8221;4.18.0&#8243; _module_preset=&#8221;73121f80-a3ef-4484-8763-c3f18e3c56d2&#8243; global_colors_info=&#8221;{}&#8221;][et_pb_text _builder_version=&#8221;4.24.2&#8243; _module_preset=&#8221;2c55a9c4-feed-423b-9edb-ae0b5b365cac&#8221; link_font=&#8221;|Source Sans Pro_weight|||||||&#8221; link_text_color=&#8221;#22577a&#8221; quote_font=&#8221;Playfair Display|Playfair Display_weight|||||||&#8221; header_font=&#8221;Playfair Display|Playfair Display_weight|||||||&#8221; header_2_font=&#8221;Playfair Display|Playfair Display_weight|||||||&#8221; header_3_font=&#8221;Playfair Display|Playfair Display_weight|||||||&#8221; header_4_font=&#8221;Playfair Display|Playfair Display_weight|||||||&#8221; header_5_font=&#8221;Playfair Display|Playfair Display_weight|||||||&#8221; header_6_font=&#8221;Playfair Display|Playfair Display_weight|||||||&#8221; locked=&#8221;off&#8221; global_colors_info=&#8221;{}&#8221;]<\/p>\n<p>Restructuration de l\u2019association en faveur d\u2019une gouvernance participative, avec un \u00e9largissement du bureau \u00e0 cinq copr\u00e9sident.e.s.<\/p>\n<p>75 tonnes de nourriture r\u00e9cup\u00e9r\u00e9es durant l\u2019ann\u00e9e, pour une moyenne de 200 repas distribu\u00e9s par jour, 7\/7j et 365 jours par an.<\/p>\n<p>[\/et_pb_text][\/et_pb_column][\/et_pb_row][et_pb_row column_structure=&#8221;2_5,3_5&#8243; make_equal=&#8221;on&#8221; _builder_version=&#8221;4.27.4&#8243; _module_preset=&#8221;5138c454-be54-4233-bd3b-f8e6a8747976&#8243; global_colors_info=&#8221;{}&#8221;][et_pb_column type=&#8221;2_5&#8243; _builder_version=&#8221;4.18.0&#8243; _module_preset=&#8221;73121f80-a3ef-4484-8763-c3f18e3c56d2&#8243; custom_padding=&#8221;20px||||false|false&#8221; border_color_all=&#8221;rgba(0,0,0,0.08)&#8221; border_width_top=&#8221;2px&#8221; global_colors_info=&#8221;{}&#8221;][et_pb_heading title=&#8221;2020&#8243; _builder_version=&#8221;4.27.4&#8243; _module_preset=&#8221;ba4a6336-701f-47b8-bf5c-09da0ce28016&#8243; title_font=&#8221;Playfair Display|Playfair Display_weight|||||||&#8221; title_text_align=&#8221;right&#8221; title_text_color=&#8221;#ED4F4D&#8221; title_text_align_tablet=&#8221;left&#8221; title_text_align_phone=&#8221;left&#8221; title_text_align_last_edited=&#8221;on|tablet&#8221; locked=&#8221;off&#8221; global_colors_info=&#8221;{%22#22577a%22:%91%22title_text_color%22%93}&#8221;][\/et_pb_heading][et_pb_heading title=&#8221;Ouverture du Village Alimentaire&#8221; _builder_version=&#8221;4.27.4&#8243; _module_preset=&#8221;a3805066-8711-43c7-9f62-5782da0e9f7a&#8221; title_font=&#8221;Playfair Display|Playfair Display_weight|||||||&#8221; title_text_align=&#8221;right&#8221; title_text_align_tablet=&#8221;left&#8221; title_text_align_phone=&#8221;left&#8221; title_text_align_last_edited=&#8221;on|tablet&#8221; locked=&#8221;off&#8221; global_colors_info=&#8221;{}&#8221;][\/et_pb_heading][\/et_pb_column][et_pb_column type=&#8221;3_5&#8243; _builder_version=&#8221;4.18.0&#8243; _module_preset=&#8221;73121f80-a3ef-4484-8763-c3f18e3c56d2&#8243; global_colors_info=&#8221;{}&#8221;][et_pb_text _builder_version=&#8221;4.27.4&#8243; _module_preset=&#8221;2c55a9c4-feed-423b-9edb-ae0b5b365cac&#8221; link_font=&#8221;|Source Sans Pro_weight|||||||&#8221; link_text_color=&#8221;#22577a&#8221; quote_font=&#8221;Playfair Display|Playfair Display_weight|||||||&#8221; header_font=&#8221;Playfair Display|Playfair Display_weight|||||||&#8221; header_2_font=&#8221;Playfair Display|Playfair Display_weight|||||||&#8221; header_3_font=&#8221;Playfair Display|Playfair Display_weight|||||||&#8221; header_4_font=&#8221;Playfair Display|Playfair Display_weight|||||||&#8221; header_5_font=&#8221;Playfair Display|Playfair Display_weight|||||||&#8221; header_6_font=&#8221;Playfair Display|Playfair Display_weight|||||||&#8221; locked=&#8221;off&#8221; global_colors_info=&#8221;{}&#8221;]<\/p>\n<p>Mise en place et coordination du Collectif des acteurs de l\u2019aide alimentaire du territoire.<\/p>\n<p>Livraison \u00e0 domicile de plus de 10 000 personnes durant la premi\u00e8re p\u00e9riode de confinement. Ouverture du Village Alimentaire &amp; d\u00e9veloppement de l\u2019aide alimentaire de proximit\u00e9, en collaboration avec les associations de quartier.<\/p>\n<p>Embauche de deux salari\u00e9s afin de r\u00e9pondre au surcro\u00eet d\u2019activit\u00e9 de l\u2019association.<\/p>\n<p>[\/et_pb_text][\/et_pb_column][\/et_pb_row][et_pb_row column_structure=&#8221;2_5,3_5&#8243; make_equal=&#8221;on&#8221; _builder_version=&#8221;4.24.0&#8243; _module_preset=&#8221;5138c454-be54-4233-bd3b-f8e6a8747976&#8243; global_colors_info=&#8221;{}&#8221;][et_pb_column type=&#8221;2_5&#8243; _builder_version=&#8221;4.18.0&#8243; _module_preset=&#8221;73121f80-a3ef-4484-8763-c3f18e3c56d2&#8243; custom_padding=&#8221;20px||||false|false&#8221; border_color_all=&#8221;rgba(0,0,0,0.08)&#8221; border_width_top=&#8221;2px&#8221; global_colors_info=&#8221;{}&#8221;][et_pb_heading title=&#8221;2021&#8243; _builder_version=&#8221;4.27.4&#8243; _module_preset=&#8221;ba4a6336-701f-47b8-bf5c-09da0ce28016&#8243; title_font=&#8221;Playfair Display|Playfair Display_weight|||||||&#8221; title_text_align=&#8221;right&#8221; title_text_color=&#8221;#ED4F4D&#8221; title_text_align_tablet=&#8221;left&#8221; title_text_align_phone=&#8221;left&#8221; title_text_align_last_edited=&#8221;on|tablet&#8221; locked=&#8221;off&#8221; global_colors_info=&#8221;{%22#22577a%22:%91%22title_text_color%22%93}&#8221;][\/et_pb_heading][et_pb_heading title=&#8221;Laur\u00e9at du cinqui\u00e8me budget participatif&#8221; _builder_version=&#8221;4.27.4&#8243; _module_preset=&#8221;a3805066-8711-43c7-9f62-5782da0e9f7a&#8221; title_font=&#8221;Playfair Display|Playfair Display_weight|||||||&#8221; title_text_align=&#8221;right&#8221; title_text_align_tablet=&#8221;left&#8221; title_text_align_phone=&#8221;left&#8221; title_text_align_last_edited=&#8221;on|tablet&#8221; locked=&#8221;off&#8221; global_colors_info=&#8221;{}&#8221;][\/et_pb_heading][\/et_pb_column][et_pb_column type=&#8221;3_5&#8243; _builder_version=&#8221;4.18.0&#8243; _module_preset=&#8221;73121f80-a3ef-4484-8763-c3f18e3c56d2&#8243; global_colors_info=&#8221;{}&#8221;][et_pb_text _builder_version=&#8221;4.27.4&#8243; _module_preset=&#8221;2c55a9c4-feed-423b-9edb-ae0b5b365cac&#8221; locked=&#8221;off&#8221; global_colors_info=&#8221;{}&#8221;]<\/p>\n<p>D\u00e9p\u00f4t du projet de cuisine partag\u00e9e, laur\u00e9at du cinqui\u00e8me budget participatif de la Ville de Rennes. \u200b<\/p>\n<p>L&#8217;association \u200bremporte un appel \u00e0 projet de l&#8217;Etat afin de participer au d\u00e9veloppement de l&#8217;aide alimentaire dans les quartiers.<\/p>\n<p>[\/et_pb_text][\/et_pb_column][\/et_pb_row][et_pb_row column_structure=&#8221;2_5,3_5&#8243; make_equal=&#8221;on&#8221; _builder_version=&#8221;4.24.0&#8243; _module_preset=&#8221;5138c454-be54-4233-bd3b-f8e6a8747976&#8243; global_colors_info=&#8221;{}&#8221;][et_pb_column type=&#8221;2_5&#8243; _builder_version=&#8221;4.18.0&#8243; _module_preset=&#8221;73121f80-a3ef-4484-8763-c3f18e3c56d2&#8243; custom_padding=&#8221;20px||||false|false&#8221; border_color_all=&#8221;rgba(0,0,0,0.08)&#8221; border_width_top=&#8221;2px&#8221; global_colors_info=&#8221;{}&#8221;][et_pb_heading title=&#8221;2022&#8243; _builder_version=&#8221;4.27.4&#8243; _module_preset=&#8221;ba4a6336-701f-47b8-bf5c-09da0ce28016&#8243; title_font=&#8221;Playfair Display|Playfair Display_weight|||||||&#8221; title_text_align=&#8221;right&#8221; title_text_color=&#8221;#ED4F4D&#8221; title_text_align_tablet=&#8221;left&#8221; title_text_align_phone=&#8221;left&#8221; title_text_align_last_edited=&#8221;on|tablet&#8221; locked=&#8221;off&#8221; global_colors_info=&#8221;{%22#22577a%22:%91%22title_text_color%22%93}&#8221;][\/et_pb_heading][et_pb_heading title=&#8221;Organisation du premier concert caritatif&#8221; _builder_version=&#8221;4.27.4&#8243; _module_preset=&#8221;a3805066-8711-43c7-9f62-5782da0e9f7a&#8221; title_font=&#8221;Playfair Display|Playfair Display_weight|||||||&#8221; title_text_align=&#8221;right&#8221; title_text_align_tablet=&#8221;left&#8221; title_text_align_phone=&#8221;left&#8221; title_text_align_last_edited=&#8221;on|tablet&#8221; locked=&#8221;off&#8221; global_colors_info=&#8221;{}&#8221;][\/et_pb_heading][\/et_pb_column][et_pb_column type=&#8221;3_5&#8243; _builder_version=&#8221;4.18.0&#8243; _module_preset=&#8221;73121f80-a3ef-4484-8763-c3f18e3c56d2&#8243; global_colors_info=&#8221;{}&#8221;][et_pb_text _builder_version=&#8221;4.27.4&#8243; _module_preset=&#8221;2c55a9c4-feed-423b-9edb-ae0b5b365cac&#8221; locked=&#8221;off&#8221; global_colors_info=&#8221;{}&#8221;]<\/p>\n<p class=\"font_8 wixui-rich-text__text\"><span class=\"wixui-rich-text__text\">Emm\u00e9nagement dans l\u2019ancienne \u00e9cole maternelle du Faux-Pont et ouverture d\u2019un lieu de r\u00e9pit \u00e0 destination des personnes \u00e0 la rue.<\/span><\/p>\n<p class=\"font_8 wixui-rich-text__text\"><span class=\"wixui-rich-text__text\">Organisation du premier concert caritatif, une r\u00e9ussite qui deviendra le temps fort annuel de l\u2019association.<\/span><\/p>\n<p>[\/et_pb_text][\/et_pb_column][\/et_pb_row][et_pb_row column_structure=&#8221;2_5,3_5&#8243; make_equal=&#8221;on&#8221; _builder_version=&#8221;4.24.0&#8243; _module_preset=&#8221;5138c454-be54-4233-bd3b-f8e6a8747976&#8243; global_colors_info=&#8221;{}&#8221;][et_pb_column type=&#8221;2_5&#8243; _builder_version=&#8221;4.18.0&#8243; _module_preset=&#8221;73121f80-a3ef-4484-8763-c3f18e3c56d2&#8243; custom_padding=&#8221;20px||||false|false&#8221; border_color_all=&#8221;rgba(0,0,0,0.08)&#8221; border_width_top=&#8221;2px&#8221; global_colors_info=&#8221;{}&#8221;][et_pb_heading title=&#8221;2023&#8243; _builder_version=&#8221;4.27.4&#8243; _module_preset=&#8221;ba4a6336-701f-47b8-bf5c-09da0ce28016&#8243; title_font=&#8221;Playfair Display|Playfair Display_weight|||||||&#8221; title_text_align=&#8221;right&#8221; title_text_color=&#8221;#ED4F4D&#8221; title_text_align_tablet=&#8221;left&#8221; title_text_align_phone=&#8221;left&#8221; title_text_align_last_edited=&#8221;on|tablet&#8221; locked=&#8221;off&#8221; global_colors_info=&#8221;{%22#22577a%22:%91%22title_text_color%22%93}&#8221;][\/et_pb_heading][et_pb_heading title=&#8221;Cr\u00e9ation d\u2019un poste de coordinateur.rice&#8221; _builder_version=&#8221;4.27.4&#8243; _module_preset=&#8221;a3805066-8711-43c7-9f62-5782da0e9f7a&#8221; title_font=&#8221;Playfair Display|Playfair Display_weight|||||||&#8221; title_text_align=&#8221;right&#8221; title_text_align_tablet=&#8221;left&#8221; title_text_align_phone=&#8221;left&#8221; title_text_align_last_edited=&#8221;on|tablet&#8221; locked=&#8221;off&#8221; global_colors_info=&#8221;{}&#8221;][\/et_pb_heading][\/et_pb_column][et_pb_column type=&#8221;3_5&#8243; _builder_version=&#8221;4.18.0&#8243; _module_preset=&#8221;73121f80-a3ef-4484-8763-c3f18e3c56d2&#8243; global_colors_info=&#8221;{}&#8221;][et_pb_text _builder_version=&#8221;4.27.4&#8243; _module_preset=&#8221;2c55a9c4-feed-423b-9edb-ae0b5b365cac&#8221; locked=&#8221;off&#8221; global_colors_info=&#8221;{}&#8221;]<\/p>\n<p class=\"font_8 wixui-rich-text__text\">Cr\u00e9ation d\u2019un poste de coordinateur.rice pour assurer le fonctionnement du Faux-Pont, avec le soutien de la Fondation Abb\u00e9 Pierre.<\/p>\n<p>[\/et_pb_text][\/et_pb_column][\/et_pb_row][et_pb_row column_structure=&#8221;2_5,3_5&#8243; make_equal=&#8221;on&#8221; _builder_version=&#8221;4.24.0&#8243; _module_preset=&#8221;5138c454-be54-4233-bd3b-f8e6a8747976&#8243; global_colors_info=&#8221;{}&#8221;][et_pb_column type=&#8221;2_5&#8243; _builder_version=&#8221;4.18.0&#8243; _module_preset=&#8221;73121f80-a3ef-4484-8763-c3f18e3c56d2&#8243; custom_padding=&#8221;20px||||false|false&#8221; border_color_all=&#8221;rgba(0,0,0,0.08)&#8221; border_width_top=&#8221;2px&#8221; global_colors_info=&#8221;{}&#8221;][et_pb_heading title=&#8221;2024&#8243; _builder_version=&#8221;4.27.4&#8243; _module_preset=&#8221;ba4a6336-701f-47b8-bf5c-09da0ce28016&#8243; title_font=&#8221;Playfair Display|Playfair Display_weight|||||||&#8221; title_text_align=&#8221;right&#8221; title_text_color=&#8221;#ED4F4D&#8221; title_text_align_tablet=&#8221;left&#8221; title_text_align_phone=&#8221;left&#8221; title_text_align_last_edited=&#8221;on|tablet&#8221; locked=&#8221;off&#8221; global_colors_info=&#8221;{%22#22577a%22:%91%22title_text_color%22%93}&#8221;][\/et_pb_heading][et_pb_heading title=&#8221;Cr\u00e9ation d\u2019un poste de coordinateur.rice&#8221; _builder_version=&#8221;4.27.4&#8243; _module_preset=&#8221;a3805066-8711-43c7-9f62-5782da0e9f7a&#8221; title_font=&#8221;Playfair Display|Playfair Display_weight|||||||&#8221; title_text_align=&#8221;right&#8221; title_text_align_tablet=&#8221;left&#8221; title_text_align_phone=&#8221;left&#8221; title_text_align_last_edited=&#8221;on|tablet&#8221; locked=&#8221;off&#8221; global_colors_info=&#8221;{}&#8221;][\/et_pb_heading][\/et_pb_column][et_pb_column type=&#8221;3_5&#8243; _builder_version=&#8221;4.18.0&#8243; _module_preset=&#8221;73121f80-a3ef-4484-8763-c3f18e3c56d2&#8243; global_colors_info=&#8221;{}&#8221;][et_pb_text _builder_version=&#8221;4.27.4&#8243; _module_preset=&#8221;2c55a9c4-feed-423b-9edb-ae0b5b365cac&#8221; locked=&#8221;off&#8221; global_colors_info=&#8221;{}&#8221;]<\/p>\n<p class=\"font_8 wixui-rich-text__text\">Mise en place d\u2019un partenariat avec le lyc\u00e9e voisin Emile Zola permettant la redistribution des exc\u00e9dents alimentaires du self aux personnes \u00e0 la rue. \u200b C\u0153urs R\u00e9sistants, ce sont\u202f:<\/p>\n<ul>\n<li class=\"font_8 wixui-rich-text__text\">100 personnes pr\u00e9sentes par jour d\u2019ouverture sur le lieu de r\u00e9pit<\/li>\n<li class=\"font_8 wixui-rich-text__text\">20237 personnes accueillies (dont 7100 au lieu de r\u00e9pit et 7000 en maraude)<\/li>\n<li class=\"font_8 wixui-rich-text__text\">200 repas cuisin\u00e9s servis chaque week-end en maraude<\/li>\n<li class=\"font_8 wixui-rich-text__text\">200 foyers servis chaque jour au Village Alimentaire, 6 jours sur 7, soit pr\u00e8s de 6137 foyers par an<\/li>\n<li class=\"font_8 wixui-rich-text__text\">285 tonnes de nourriture distribu\u00e9es par an 615 b\u00e9n\u00e9voles<\/li>\n<\/ul>\n<p>[\/et_pb_text][\/et_pb_column][\/et_pb_row][\/et_pb_section]<\/p>\n","protected":false},"excerpt":{"rendered":"<p>C\u0153urs R\u00e9sistants est une association non religieuse \u00e0 but non lucratif qui lutte contre la pr\u00e9carit\u00e9 et promeut l&#8217;inclusion sociale. Elle propose notamment un soutien alimentaire aux personnes en situation de pr\u00e9carit\u00e9, en toute impartialit\u00e9 et sans discrimination. Les missions de l\u2019association s\u2019articulent entre trois activit\u00e9s principales : un lieu de r\u00e9pit pour les personnes [&hellip;]<\/p>\n","protected":false},"author":1,"featured_media":0,"parent":0,"menu_order":0,"comment_status":"closed","ping_status":"closed","template":"","meta":{"_et_pb_use_builder":"on","_et_pb_old_content":"","_et_gb_content_width":"","footnotes":""},"class_list":["post-50","page","type-page","status-publish","hentry"],"_links":{"self":[{"href":"https:\/\/jermany.de\/index.php\/wp-json\/wp\/v2\/pages\/50","targetHints":{"allow":["GET"]}}],"collection":[{"href":"https:\/\/jermany.de\/index.php\/wp-json\/wp\/v2\/pages"}],"about":[{"href":"https:\/\/jermany.de\/index.php\/wp-json\/wp\/v2\/types\/page"}],"author":[{"embeddable":true,"href":"https:\/\/jermany.de\/index.php\/wp-json\/wp\/v2\/users\/1"}],"replies":[{"embeddable":true,"href":"https:\/\/jermany.de\/index.php\/wp-json\/wp\/v2\/comments?post=50"}],"version-history":[{"count":46,"href":"https:\/\/jermany.de\/index.php\/wp-json\/wp\/v2\/pages\/50\/revisions"}],"predecessor-version":[{"id":600,"href":"https:\/\/jermany.de\/index.php\/wp-json\/wp\/v2\/pages\/50\/revisions\/600"}],"wp:attachment":[{"href":"https:\/\/jermany.de\/index.php\/wp-json\/wp\/v2\/media?parent=50"}],"curies":[{"name":"wp","href":"https:\/\/api.w.org\/{rel}","templated":true}]}}